{"id":1577,"date":"2024-01-24T17:22:49","date_gmt":"2024-01-24T20:22:49","guid":{"rendered":"http:\/\/editorial.ulagos.cl\/?page_id=1577"},"modified":"2024-01-24T17:42:10","modified_gmt":"2024-01-24T20:42:10","slug":"formacion-sindical-en-osorno-memoria-problematicas-y-desafios","status":"publish","type":"page","link":"https:\/\/editorial.ulagos.cl\/home\/formacion-sindical-en-osorno-memoria-problematicas-y-desafios\/","title":{"rendered":"Formaci\u00f3n Sindical en Osorno: Memoria, problem\u00e1ticas y desaf\u00edos"},"content":{"rendered":"<p>[vc_row][vc_column width=\u00bb1\/2&#8243;][vc_column_text]<strong>Soraya Espinoza Moraga, Jorge Mu\u00f1oz Sougarret, Ram\u00f3n Vivanco Mu\u00f1oz y Antonio Vargas Pe\u00f1a<\/strong><\/p>\n<p>ISBN: 978-956-6043-31-7<\/p>\n<p>&nbsp;<\/p>\n<p><a href=\"http:\/\/editorial.ulagos.cl\/wp-content\/uploads\/2024\/01\/Memoria-problematicas-y-desafios-de-la-formacion-sindical-en-osorno.pdf\" target=\"_blank\" rel=\"noopener\" data-lity=\"\" data-title=\"\"><img decoding=\"async\" loading=\"lazy\" class=\"img-responsive alignnone\" style=\"width: 65px; height: 65px;\" src=\"http:\/\/editorial.ulagos.cl\/wp-content\/uploads\/2021\/04\/pdflogo-e1620831312474.jpg\" alt=\"none\" width=\"300\" height=\"300\" \/><\/a>[\/vc_column_text][\/vc_column][vc_column width=\u00bb1\/2&#8243;][vc_single_image image=\u00bb1940&#8243; img_size=\u00bblarge\u00bb][\/vc_column][\/vc_row]<\/p>\n","protected":false},"excerpt":{"rendered":"<p>[vc_row][vc_column width=\u00bb1\/2&#8243;][vc_column_text]Soraya Espinoza Moraga, Jorge Mu\u00f1oz Sougarret, Ram\u00f3n Vivanco Mu\u00f1oz y Antonio Vargas Pe\u00f1a ISBN: 978-956-6043-31-7 &nbsp; [\/vc_column_text][\/vc_column][vc_column width=\u00bb1\/2&#8243;][vc_single_image image=\u00bb1940&#8243; img_size=\u00bblarge\u00bb][\/vc_column][\/vc_row]<\/p>\n","protected":false},"author":2,"featured_media":0,"parent":0,"menu_order":0,"comment_status":"closed","ping_status":"closed","template":"","meta":[],"categories":[],"tags":[],"_links":{"self":[{"href":"https:\/\/editorial.ulagos.cl\/home\/wp-json\/wp\/v2\/pages\/1577"}],"collection":[{"href":"https:\/\/editorial.ulagos.cl\/home\/wp-json\/wp\/v2\/pages"}],"about":[{"href":"https:\/\/editorial.ulagos.cl\/home\/wp-json\/wp\/v2\/types\/page"}],"author":[{"embeddable":true,"href":"https:\/\/editorial.ulagos.cl\/home\/wp-json\/wp\/v2\/users\/2"}],"replies":[{"embeddable":true,"href":"https:\/\/editorial.ulagos.cl\/home\/wp-json\/wp\/v2\/comments?post=1577"}],"version-history":[{"count":3,"href":"https:\/\/editorial.ulagos.cl\/home\/wp-json\/wp\/v2\/pages\/1577\/revisions"}],"predecessor-version":[{"id":1941,"href":"https:\/\/editorial.ulagos.cl\/home\/wp-json\/wp\/v2\/pages\/1577\/revisions\/1941"}],"wp:attachment":[{"href":"https:\/\/editorial.ulagos.cl\/home\/wp-json\/wp\/v2\/media?parent=1577"}],"wp:term":[{"taxonomy":"category","embeddable":true,"href":"https:\/\/editorial.ulagos.cl\/home\/wp-json\/wp\/v2\/categories?post=1577"},{"taxonomy":"post_tag","embeddable":true,"href":"https:\/\/editorial.ulagos.cl\/home\/wp-json\/wp\/v2\/tags?post=1577"}],"curies":[{"name":"wp","href":"https:\/\/api.w.org\/{rel}","templated":true}]}}