{"id":1996,"date":"2024-10-01T17:42:42","date_gmt":"2024-10-01T20:42:42","guid":{"rendered":"https:\/\/editorial.ulagos.cl\/home\/?page_id=1996"},"modified":"2024-10-01T17:43:04","modified_gmt":"2024-10-01T20:43:04","slug":"atender-la-diversidad-en-el-aula","status":"publish","type":"page","link":"https:\/\/editorial.ulagos.cl\/home\/atender-la-diversidad-en-el-aula\/","title":{"rendered":"ATENDER LA DIVERSIDAD EN EL AULA"},"content":{"rendered":"<p>[vc_row][vc_column width=\u00bb1\/2&#8243;][vc_column_text]<strong>Atender la diversidad en el aula desde el enfoque inclusivo<\/strong><\/p>\n<p>Compiladora: Laura Espinoza Past\u00e9n<\/p>\n<p>&nbsp;<\/p>\n<p class=\"p2\">Desde la mirada de la educaci\u00f3n inclusiva es necesaria la comprensi\u00f3n del aprendizaje como un proceso perenne, lleno de matices y cambios. Asimismo, es necesario entender que cada aprendiz es \u00fanico(a), y que conformamos grupos sociales diversos e irrepetibles, justificando esto que los m\u00e9todos de ense\u00f1anza no podr\u00edan ser homog\u00e9neos, sino que deben ser diversificados, propendiendo as\u00ed una respuesta educativa equitativa para todos(as). A partir de este planteamiento, esta obra busca facilitar la comprensi\u00f3n sobre la educaci\u00f3n inclusiva, dando algunos lineamientos y orientaciones que permitan su concreci\u00f3n en el aula; considerando elementos te\u00f3ricos-pr\u00e1cticos sobre inclusi\u00f3n educativa, flexibilizaci\u00f3n del curr\u00edculum, comprensi\u00f3n del contexto del aprendizaje, elementos comunicativos y pertinencia de los recursos para el aprendizaje.<\/p>\n<p><a class=\"linkimagen\" href=\"http:\/\/editorial.ulagos.cl\/wp-content\/uploads\/2024\/10\/Atender-la-diversidad-en-el-aula.pdf\" target=\"_blank\" rel=\"noopener\" data-lity=\"\" data-title=\"\"><img decoding=\"async\" loading=\"lazy\" class=\"img-responsive alignnone\" style=\"width: 45px; height: 45px;\" src=\"http:\/\/editorial.ulagos.cl\/wp-content\/uploads\/2021\/04\/pdflogo-e1620831312474.jpg\" alt=\"none\" width=\"300\" height=\"300\" \/><\/a> <a href=\"http:\/\/editorial.ulagos.cl\/wp-content\/uploads\/2024\/10\/Atender-la-diversidad-en-el-aula.pdf\">Atender la diversidad en el aula<\/a>[\/vc_column_text][\/vc_column][vc_column width=\u00bb1\/2&#8243;][vc_single_image image=\u00bb1994&#8243; img_size=\u00bblarge\u00bb][\/vc_column][\/vc_row]<\/p>\n","protected":false},"excerpt":{"rendered":"<p>[vc_row][vc_column width=\u00bb1\/2&#8243;][vc_column_text]Atender la diversidad en el aula desde el enfoque inclusivo Compiladora: Laura Espinoza Past\u00e9n &nbsp; Desde la mirada de la educaci\u00f3n inclusiva es necesaria la comprensi\u00f3n del aprendizaje como un proceso perenne, lleno de matices y cambios. Asimismo, es necesario entender que cada aprendiz es \u00fanico(a), y que conformamos grupos sociales diversos e irrepetibles, [&hellip;]<\/p>\n","protected":false},"author":2,"featured_media":0,"parent":0,"menu_order":0,"comment_status":"closed","ping_status":"closed","template":"","meta":[],"categories":[],"tags":[],"_links":{"self":[{"href":"https:\/\/editorial.ulagos.cl\/home\/wp-json\/wp\/v2\/pages\/1996"}],"collection":[{"href":"https:\/\/editorial.ulagos.cl\/home\/wp-json\/wp\/v2\/pages"}],"about":[{"href":"https:\/\/editorial.ulagos.cl\/home\/wp-json\/wp\/v2\/types\/page"}],"author":[{"embeddable":true,"href":"https:\/\/editorial.ulagos.cl\/home\/wp-json\/wp\/v2\/users\/2"}],"replies":[{"embeddable":true,"href":"https:\/\/editorial.ulagos.cl\/home\/wp-json\/wp\/v2\/comments?post=1996"}],"version-history":[{"count":7,"href":"https:\/\/editorial.ulagos.cl\/home\/wp-json\/wp\/v2\/pages\/1996\/revisions"}],"predecessor-version":[{"id":2070,"href":"https:\/\/editorial.ulagos.cl\/home\/wp-json\/wp\/v2\/pages\/1996\/revisions\/2070"}],"wp:attachment":[{"href":"https:\/\/editorial.ulagos.cl\/home\/wp-json\/wp\/v2\/media?parent=1996"}],"wp:term":[{"taxonomy":"category","embeddable":true,"href":"https:\/\/editorial.ulagos.cl\/home\/wp-json\/wp\/v2\/categories?post=1996"},{"taxonomy":"post_tag","embeddable":true,"href":"https:\/\/editorial.ulagos.cl\/home\/wp-json\/wp\/v2\/tags?post=1996"}],"curies":[{"name":"wp","href":"https:\/\/api.w.org\/{rel}","templated":true}]}}