{"id":2019,"date":"2024-08-30T16:04:51","date_gmt":"2024-08-30T20:04:51","guid":{"rendered":"https:\/\/editorial.ulagos.cl\/home\/?page_id=2019"},"modified":"2024-08-30T16:05:29","modified_gmt":"2024-08-30T20:05:29","slug":"escasez-en-contextos-de-abundancia","status":"publish","type":"page","link":"https:\/\/editorial.ulagos.cl\/home\/escasez-en-contextos-de-abundancia\/","title":{"rendered":"ESCASEZ EN CONTEXTOS DE ABUNDANCIA"},"content":{"rendered":"<p>[vc_row][vc_column width=\u00bb1\/2&#8243;][vc_column_text]<\/p>\n<h3><strong>Gesti\u00f3n del agua en el Estuario de Maull\u00edn<\/strong><\/h3>\n<p>Daniela Collao Navia<\/p>\n<p class=\"p2\">La escasez h\u00eddrica se ha transformado en uno de los problemas centrales de la realidad chilena en los \u00faltimos a\u00f1os. Esta situaci\u00f3n ha tra\u00eddo una serie de conflictos y tensiones que se desatan por la falta de agua en los territorios para los diversos usos. En este escenario el sur de Chile no ha estado exento de esta problem\u00e1tica. Este libro se propone abordar la gesti\u00f3n de agua en comunidades del sur de Chile, tomando como caso de estudio la comuna de Maull\u00edn, en la regi\u00f3n de Los Lagos. A partir de la observaci\u00f3n de las din\u00e1micas entre disponibilidad y acceso, se reflexiona sobre la escasez de agua en contextos de abundancia y los desaf\u00edos para asegurar el acceso, en un contexto de cambio clim\u00e1tico que puso en crisis los sistemas tradicionales de gesti\u00f3n y que deja a este territorio en condiciones de vulnerabilidad h\u00eddrica.<\/p>\n<p>&nbsp;<\/p>\n<p>ISBN: 978-956-6043-97-3<\/p>\n<p>&nbsp;<\/p>\n<h4><strong>Pr\u00f3ximamente en librer\u00edas<\/strong><\/h4>\n<p>[\/vc_column_text][\/vc_column][vc_column width=\u00bb1\/2&#8243;][vc_single_image image=\u00bb2008&#8243; img_size=\u00bblarge\u00bb][\/vc_column][\/vc_row]<\/p>\n","protected":false},"excerpt":{"rendered":"<p>[vc_row][vc_column width=\u00bb1\/2&#8243;][vc_column_text] Gesti\u00f3n del agua en el Estuario de Maull\u00edn Daniela Collao Navia La escasez h\u00eddrica se ha transformado en uno de los problemas centrales de la realidad chilena en los \u00faltimos a\u00f1os. Esta situaci\u00f3n ha tra\u00eddo una serie de conflictos y tensiones que se desatan por la falta de agua en los territorios para [&hellip;]<\/p>\n","protected":false},"author":2,"featured_media":0,"parent":0,"menu_order":0,"comment_status":"closed","ping_status":"closed","template":"","meta":[],"categories":[],"tags":[],"_links":{"self":[{"href":"https:\/\/editorial.ulagos.cl\/home\/wp-json\/wp\/v2\/pages\/2019"}],"collection":[{"href":"https:\/\/editorial.ulagos.cl\/home\/wp-json\/wp\/v2\/pages"}],"about":[{"href":"https:\/\/editorial.ulagos.cl\/home\/wp-json\/wp\/v2\/types\/page"}],"author":[{"embeddable":true,"href":"https:\/\/editorial.ulagos.cl\/home\/wp-json\/wp\/v2\/users\/2"}],"replies":[{"embeddable":true,"href":"https:\/\/editorial.ulagos.cl\/home\/wp-json\/wp\/v2\/comments?post=2019"}],"version-history":[{"count":1,"href":"https:\/\/editorial.ulagos.cl\/home\/wp-json\/wp\/v2\/pages\/2019\/revisions"}],"predecessor-version":[{"id":2020,"href":"https:\/\/editorial.ulagos.cl\/home\/wp-json\/wp\/v2\/pages\/2019\/revisions\/2020"}],"wp:attachment":[{"href":"https:\/\/editorial.ulagos.cl\/home\/wp-json\/wp\/v2\/media?parent=2019"}],"wp:term":[{"taxonomy":"category","embeddable":true,"href":"https:\/\/editorial.ulagos.cl\/home\/wp-json\/wp\/v2\/categories?post=2019"},{"taxonomy":"post_tag","embeddable":true,"href":"https:\/\/editorial.ulagos.cl\/home\/wp-json\/wp\/v2\/tags?post=2019"}],"curies":[{"name":"wp","href":"https:\/\/api.w.org\/{rel}","templated":true}]}}